{"id":620,"date":"2025-01-30T16:44:04","date_gmt":"2025-01-30T16:44:04","guid":{"rendered":"https:\/\/businessfotos-hh.de\/?page_id=620"},"modified":"2025-02-10T13:37:15","modified_gmt":"2025-02-10T13:37:15","slug":"fotokunst-lumas","status":"publish","type":"page","link":"https:\/\/businessfotos-hh.de\/en\/fotokunst-lumas\/","title":{"rendered":"Fotokunst Galerie Lumas"},"content":{"rendered":"<div class=\"gb-container gb-container-c361440a alignfull\">\n\n<figure class=\"wp-block-image alignfull size-full\"><img loading=\"lazy\" decoding=\"async\" width=\"1600\" height=\"800\" src=\"https:\/\/businessfotos-hh.de\/wp-content\/uploads\/2024\/05\/businessfoto-hamburg-608.jpg\" alt=\"\" class=\"wp-image-93\" srcset=\"https:\/\/businessfotos-hh.de\/wp-content\/uploads\/2024\/05\/businessfoto-hamburg-608.jpg 1600w, https:\/\/businessfotos-hh.de\/wp-content\/uploads\/2024\/05\/businessfoto-hamburg-608-300x150.jpg 300w, https:\/\/businessfotos-hh.de\/wp-content\/uploads\/2024\/05\/businessfoto-hamburg-608-1024x512.jpg 1024w, https:\/\/businessfotos-hh.de\/wp-content\/uploads\/2024\/05\/businessfoto-hamburg-608-768x384.jpg 768w, https:\/\/businessfotos-hh.de\/wp-content\/uploads\/2024\/05\/businessfoto-hamburg-608-1536x768.jpg 1536w\" sizes=\"auto, (max-width: 1600px) 100vw, 1600px\" \/><\/figure>\n\n<\/div>\n\n\n<div class=\"wp-block-group is-content-justification-left is-nowrap is-layout-flex wp-container-core-group-is-layout-f0877f59 wp-block-group-is-layout-flex\" style=\"border-style:none;border-width:0px;padding-top:0px;padding-right:0;padding-bottom:0px;padding-left:0\"><div class=\"gb-container gb-container-e34d40cc alignfull\">\n\n<h2 class=\"wp-block-heading has-text-align-left has-text-color has-link-color wp-elements-a03444891fa3436f67fd7737472b2a31\" style=\"color:#023e8a;margin-top:0;margin-right:0;margin-bottom:0;margin-left:0;padding-top:0;padding-bottom:0;font-size:clamp(1.403rem, 1.403rem + ((1vw - 0.2rem) * 1.121), 2.3rem);font-style:italic;font-weight:300\">\u201eWald | Licht\u201c<\/h2>\n\n<\/div><\/div>\n\n\n\n<div class=\"wp-block-group is-content-justification-center is-nowrap is-layout-flex wp-container-core-group-is-layout-ffda5f2b wp-block-group-is-layout-flex\" style=\"padding-top:0;padding-right:0;padding-bottom:0;padding-left:0\"><div class=\"gb-container gb-container-cf0c04aa\">\n\n<h1 class=\"wp-block-heading\" style=\"font-size:clamp(1.502rem, 1.502rem + ((1vw - 0.2rem) * 1.248), 2.5rem);font-style:normal;font-weight:300\">Photo art at the LUMAS Gallery<\/h1>\n\n\n\n<p style=\"font-size:clamp(1.039rem, 1.039rem + ((1vw - 0.2rem) * 0.701), 1.6rem);\">These are impressive images of natural beauty that the artist Ralph von Kaufmann captures in his \u2018Forest|Light\u2019 series: Horizon lines dissolve into the endless expanse of the sea, at times fog envelops the expansive landscapes and diffuse light falls through the dense treetops onto the fairytale world of the forest. In powerful images, von Kaufmann shows his beech forests peacefully and full of depth.<\/p>\n\n\n\n<p style=\"font-size:clamp(1.039rem, 1.039rem + ((1vw - 0.2rem) * 0.701), 1.6rem);\">The photographer creates mysterious, alluring images that are as sensual as they are rigorously arranged. \u2018Especially in the summer months, these beech forests are bathed in a very special light and are often surrounded by thick fog due to the temperature differences between land and water,\u2019 he explains his fascination for the unique natural backdrop. The monumental black and white works allow the viewer deep insights into the winding paths of the forest. This is precisely where the special appeal of his works lies. Von Kaufmann opens up an enraptured, transfigured world for us and leaves us room to wander off in his contemplative visual language: The forest as a place of silence. This is how effectively the photographer is able to stage the landscape.<\/p>\n\n\n\n<p style=\"font-size:clamp(1.039rem, 1.039rem + ((1vw - 0.2rem) * 0.701), 1.6rem);\">The artist has taken photographs on R\u00fcgen, for example in the UNESCO-protected Jasmund National Park or on Wittow. However, he only finds his subjects in certain stretches of coastline. This is because Ralph von Kaufmann is on the lookout for tall beech forests that have been largely spared from human influence. Such unspoilt landscapes can be found in eastern Germany and Denmark in particular.<\/p>\n\n<\/div><\/div>\n\n\n\n<div style=\"height:3rem\" aria-hidden=\"true\" class=\"wp-block-spacer\"><\/div>\n\n\n\n<div class=\"wp-block-columns alignfull is-layout-flex wp-container-core-columns-is-layout-e94c229b wp-block-columns-is-layout-flex\">\n<div class=\"wp-block-column is-layout-flow wp-container-core-column-is-layout-444e0595 wp-block-column-is-layout-flow\">\n<div class=\"wp-block-group is-layout-constrained wp-block-group-is-layout-constrained\">\n<figure class=\"wp-block-image alignfull size-full\"><img loading=\"lazy\" decoding=\"async\" width=\"1247\" height=\"1600\" src=\"https:\/\/businessfotos-hh.de\/wp-content\/uploads\/2025\/01\/fotokunst-lumas-galerie-wald-6.jpg\" alt=\"\" class=\"wp-image-627\" srcset=\"https:\/\/businessfotos-hh.de\/wp-content\/uploads\/2025\/01\/fotokunst-lumas-galerie-wald-6.jpg 1247w, https:\/\/businessfotos-hh.de\/wp-content\/uploads\/2025\/01\/fotokunst-lumas-galerie-wald-6-234x300.jpg 234w, https:\/\/businessfotos-hh.de\/wp-content\/uploads\/2025\/01\/fotokunst-lumas-galerie-wald-6-798x1024.jpg 798w, https:\/\/businessfotos-hh.de\/wp-content\/uploads\/2025\/01\/fotokunst-lumas-galerie-wald-6-768x985.jpg 768w, https:\/\/businessfotos-hh.de\/wp-content\/uploads\/2025\/01\/fotokunst-lumas-galerie-wald-6-1197x1536.jpg 1197w\" sizes=\"auto, (max-width: 1247px) 100vw, 1247px\" \/><\/figure>\n<\/div>\n\n\n\n<div class=\"wp-block-group is-layout-constrained wp-block-group-is-layout-constrained\">\n<figure class=\"wp-block-image alignfull size-full\"><img loading=\"lazy\" decoding=\"async\" width=\"1137\" height=\"1600\" src=\"https:\/\/businessfotos-hh.de\/wp-content\/uploads\/2025\/01\/fotokunst-lumas-galerie-wald-15.jpg\" alt=\"\" class=\"wp-image-630\" srcset=\"https:\/\/businessfotos-hh.de\/wp-content\/uploads\/2025\/01\/fotokunst-lumas-galerie-wald-15.jpg 1137w, https:\/\/businessfotos-hh.de\/wp-content\/uploads\/2025\/01\/fotokunst-lumas-galerie-wald-15-213x300.jpg 213w, https:\/\/businessfotos-hh.de\/wp-content\/uploads\/2025\/01\/fotokunst-lumas-galerie-wald-15-728x1024.jpg 728w, https:\/\/businessfotos-hh.de\/wp-content\/uploads\/2025\/01\/fotokunst-lumas-galerie-wald-15-768x1081.jpg 768w, https:\/\/businessfotos-hh.de\/wp-content\/uploads\/2025\/01\/fotokunst-lumas-galerie-wald-15-1092x1536.jpg 1092w\" sizes=\"auto, (max-width: 1137px) 100vw, 1137px\" \/><\/figure>\n<\/div>\n<\/div>\n\n\n\n<div class=\"wp-block-column is-layout-flow wp-container-core-column-is-layout-444e0595 wp-block-column-is-layout-flow\">\n<div class=\"wp-block-group is-layout-constrained wp-block-group-is-layout-constrained\">\n<figure class=\"wp-block-image alignfull size-full\"><img loading=\"lazy\" decoding=\"async\" width=\"1232\" height=\"1600\" src=\"https:\/\/businessfotos-hh.de\/wp-content\/uploads\/2025\/01\/fotokunst-lumas-galerie-wald-9.jpg\" alt=\"\" class=\"wp-image-628\" srcset=\"https:\/\/businessfotos-hh.de\/wp-content\/uploads\/2025\/01\/fotokunst-lumas-galerie-wald-9.jpg 1232w, https:\/\/businessfotos-hh.de\/wp-content\/uploads\/2025\/01\/fotokunst-lumas-galerie-wald-9-231x300.jpg 231w, https:\/\/businessfotos-hh.de\/wp-content\/uploads\/2025\/01\/fotokunst-lumas-galerie-wald-9-788x1024.jpg 788w, https:\/\/businessfotos-hh.de\/wp-content\/uploads\/2025\/01\/fotokunst-lumas-galerie-wald-9-768x997.jpg 768w, https:\/\/businessfotos-hh.de\/wp-content\/uploads\/2025\/01\/fotokunst-lumas-galerie-wald-9-1183x1536.jpg 1183w\" sizes=\"auto, (max-width: 1232px) 100vw, 1232px\" \/><\/figure>\n<\/div>\n\n\n\n<div class=\"wp-block-group is-layout-constrained wp-block-group-is-layout-constrained\">\n<figure class=\"wp-block-image alignfull size-full\"><img loading=\"lazy\" decoding=\"async\" width=\"1285\" height=\"1600\" src=\"https:\/\/businessfotos-hh.de\/wp-content\/uploads\/2025\/01\/fotokunst-lumas-galerie-wald-16.jpg\" alt=\"\" class=\"wp-image-631\" srcset=\"https:\/\/businessfotos-hh.de\/wp-content\/uploads\/2025\/01\/fotokunst-lumas-galerie-wald-16.jpg 1285w, https:\/\/businessfotos-hh.de\/wp-content\/uploads\/2025\/01\/fotokunst-lumas-galerie-wald-16-241x300.jpg 241w, https:\/\/businessfotos-hh.de\/wp-content\/uploads\/2025\/01\/fotokunst-lumas-galerie-wald-16-822x1024.jpg 822w, https:\/\/businessfotos-hh.de\/wp-content\/uploads\/2025\/01\/fotokunst-lumas-galerie-wald-16-768x956.jpg 768w, https:\/\/businessfotos-hh.de\/wp-content\/uploads\/2025\/01\/fotokunst-lumas-galerie-wald-16-1234x1536.jpg 1234w\" sizes=\"auto, (max-width: 1285px) 100vw, 1285px\" \/><\/figure>\n<\/div>\n\n\n\n<div class=\"wp-block-group is-layout-constrained wp-block-group-is-layout-constrained\">\n<figure class=\"wp-block-image alignfull size-full\"><img loading=\"lazy\" decoding=\"async\" width=\"1481\" height=\"1600\" src=\"https:\/\/businessfotos-hh.de\/wp-content\/uploads\/2025\/01\/fotokunst-lumas-galerie-wald-5.jpg\" alt=\"\" class=\"wp-image-633\" srcset=\"https:\/\/businessfotos-hh.de\/wp-content\/uploads\/2025\/01\/fotokunst-lumas-galerie-wald-5.jpg 1481w, https:\/\/businessfotos-hh.de\/wp-content\/uploads\/2025\/01\/fotokunst-lumas-galerie-wald-5-278x300.jpg 278w, https:\/\/businessfotos-hh.de\/wp-content\/uploads\/2025\/01\/fotokunst-lumas-galerie-wald-5-948x1024.jpg 948w, https:\/\/businessfotos-hh.de\/wp-content\/uploads\/2025\/01\/fotokunst-lumas-galerie-wald-5-768x830.jpg 768w, https:\/\/businessfotos-hh.de\/wp-content\/uploads\/2025\/01\/fotokunst-lumas-galerie-wald-5-1422x1536.jpg 1422w\" sizes=\"auto, (max-width: 1481px) 100vw, 1481px\" \/><\/figure>\n<\/div>\n<\/div>\n\n\n\n<div class=\"wp-block-column is-layout-flow wp-container-core-column-is-layout-444e0595 wp-block-column-is-layout-flow\">\n<div class=\"wp-block-group is-layout-constrained wp-container-core-group-is-layout-b9adc244 wp-block-group-is-layout-constrained\">\n<figure class=\"wp-block-image alignfull size-full\"><img loading=\"lazy\" decoding=\"async\" width=\"1263\" height=\"1600\" src=\"https:\/\/businessfotos-hh.de\/wp-content\/uploads\/2025\/01\/fotokunst-lumas-galerie-wald-10-1.jpg\" alt=\"\" class=\"wp-image-629\" srcset=\"https:\/\/businessfotos-hh.de\/wp-content\/uploads\/2025\/01\/fotokunst-lumas-galerie-wald-10-1.jpg 1263w, https:\/\/businessfotos-hh.de\/wp-content\/uploads\/2025\/01\/fotokunst-lumas-galerie-wald-10-1-237x300.jpg 237w, https:\/\/businessfotos-hh.de\/wp-content\/uploads\/2025\/01\/fotokunst-lumas-galerie-wald-10-1-808x1024.jpg 808w, https:\/\/businessfotos-hh.de\/wp-content\/uploads\/2025\/01\/fotokunst-lumas-galerie-wald-10-1-768x973.jpg 768w, https:\/\/businessfotos-hh.de\/wp-content\/uploads\/2025\/01\/fotokunst-lumas-galerie-wald-10-1-1212x1536.jpg 1212w\" sizes=\"auto, (max-width: 1263px) 100vw, 1263px\" \/><\/figure>\n<\/div>\n\n\n\n<div class=\"wp-block-group is-layout-constrained wp-container-core-group-is-layout-b9adc244 wp-block-group-is-layout-constrained\">\n<figure class=\"wp-block-image alignfull size-full\"><img loading=\"lazy\" decoding=\"async\" width=\"1293\" height=\"1600\" src=\"https:\/\/businessfotos-hh.de\/wp-content\/uploads\/2025\/01\/fotokunst-lumas-galerie-wald-11.jpg\" alt=\"\" class=\"wp-image-632\" srcset=\"https:\/\/businessfotos-hh.de\/wp-content\/uploads\/2025\/01\/fotokunst-lumas-galerie-wald-11.jpg 1293w, https:\/\/businessfotos-hh.de\/wp-content\/uploads\/2025\/01\/fotokunst-lumas-galerie-wald-11-242x300.jpg 242w, https:\/\/businessfotos-hh.de\/wp-content\/uploads\/2025\/01\/fotokunst-lumas-galerie-wald-11-828x1024.jpg 828w, https:\/\/businessfotos-hh.de\/wp-content\/uploads\/2025\/01\/fotokunst-lumas-galerie-wald-11-768x950.jpg 768w, https:\/\/businessfotos-hh.de\/wp-content\/uploads\/2025\/01\/fotokunst-lumas-galerie-wald-11-1241x1536.jpg 1241w\" sizes=\"auto, (max-width: 1293px) 100vw, 1293px\" \/><\/figure>\n<\/div>\n<\/div>\n<\/div>\n\n\n\n<div style=\"height:3rem\" aria-hidden=\"true\" class=\"wp-block-spacer\"><\/div>\n\n\n\n<div class=\"wp-block-group is-content-justification-center is-nowrap is-layout-flex wp-container-core-group-is-layout-ffda5f2b wp-block-group-is-layout-flex\" style=\"padding-top:0;padding-right:0;padding-bottom:0;padding-left:0\"><div class=\"gb-container gb-container-6d5c1fc4\">\n\n<p style=\"font-size:clamp(1.039rem, 1.039rem + ((1vw - 0.2rem) * 0.701), 1.6rem);\">\u2018A photographic encounter with a tree or a forest is something special. For Ralph von Kaufmann, being well prepared means equipping himself with the bare essentials: the technology - camera and exposure, film and printing options - is the craft he has mastered. Knowing the place where he will be photographing is just as important as checking the weather forecast and the map. He then finds what he is missing in the encounter itself. To enter the place with sensitivity, not only to see and measure the light there, but to feel how it paints the motifs in interaction with wind and air. Ralph von Kaufmann lets the moments take effect on him, each one allowing him to immerse himself more and more in the world in which he wants to take his pictures. To feel and see how a picture is formed from light and motif, and then to capture the moments that he has perceived in front of and around him in such great variety - that is his great art!<\/p>\n\n\n\n<p style=\"font-size:clamp(1.039rem, 1.039rem + ((1vw - 0.2rem) * 0.701), 1.6rem);\">Not to have the chance to score a few hits with as many of these moments as possible - no! Consciously capturing the single most striking and valuable ones is his way of creating photographs that make the viewer pause to immerse themselves in these moments.<\/p>\n\n\n\n<p style=\"font-size:clamp(1.039rem, 1.039rem + ((1vw - 0.2rem) * 0.701), 1.6rem);\">It is thanks to his way of photographing that we - the viewers of his pictures - are allowed to be in the places, to participate in the photography, to ultimately be a part of this art.\u2019<\/p>\n\n\n\n<p class=\"has-text-align-right\">Oliver Rolf, Platinum<\/p>\n\n<\/div><\/div>\n\n\n\n<div class=\"wp-block-group is-content-justification-left is-nowrap is-layout-flex wp-container-core-group-is-layout-f0877f59 wp-block-group-is-layout-flex\" style=\"border-style:none;border-width:0px;padding-top:0px;padding-right:0;padding-bottom:0px;padding-left:0\"><div class=\"gb-container gb-container-5814a00d alignfull\">\n\n<h2 class=\"wp-block-heading has-text-align-left has-text-color has-link-color wp-elements-43ee28b763caa52cbf1b2a1d040ede54\" style=\"color:#023e8a;margin-top:0;margin-right:0;margin-bottom:0;margin-left:0;padding-top:0;padding-bottom:0;font-size:clamp(1.403rem, 1.403rem + ((1vw - 0.2rem) * 1.121), 2.3rem);font-style:italic;font-weight:300\">For sale exclusively at the LUMAS Gallery<\/h2>\n\n<\/div><\/div>\n\n\n\n<div class=\"wp-block-group is-content-justification-center is-nowrap is-layout-flex wp-container-core-group-is-layout-ffda5f2b wp-block-group-is-layout-flex\" style=\"padding-top:0;padding-right:0;padding-bottom:0;padding-left:0\"><div class=\"gb-container gb-container-549b306e\">\n\n<p style=\"font-size:clamp(1.039rem, 1.039rem + ((1vw - 0.2rem) * 0.701), 1.6rem);\">120 x 95 cm, signed, limited edition, edition of 100<\/p>\n\n\n\n<p style=\"font-size:clamp(1.039rem, 1.039rem + ((1vw - 0.2rem) * 0.701), 1.6rem);\">60 x 47 cm, signed, limited edition, edition of 150<\/p>\n\n\n\n<figure class=\"wp-block-image size-medium has-custom-border\"><a href=\"https:\/\/www.lumas.de\/artist\/ralph_von_kaufmann\/\" target=\"_blank\" rel=\" noreferrer noopener\"><img loading=\"lazy\" decoding=\"async\" width=\"300\" height=\"178\" src=\"https:\/\/businessfotos-hh.de\/wp-content\/uploads\/2025\/01\/lumas-logo-presse-387x230-1-300x178.jpg\" alt=\"\" class=\"wp-image-634\" style=\"border-radius:10px\" srcset=\"https:\/\/businessfotos-hh.de\/wp-content\/uploads\/2025\/01\/lumas-logo-presse-387x230-1-300x178.jpg 300w, https:\/\/businessfotos-hh.de\/wp-content\/uploads\/2025\/01\/lumas-logo-presse-387x230-1.jpg 387w\" sizes=\"auto, (max-width: 300px) 100vw, 300px\" \/><\/a><\/figure>\n\n<\/div><\/div>\n\n\n\n<div style=\"height:3rem\" aria-hidden=\"true\" class=\"wp-block-spacer\"><\/div>\n\n\n\n<div class=\"wp-block-columns is-layout-flex wp-container-core-columns-is-layout-28f84493 wp-block-columns-is-layout-flex\">\n<div class=\"wp-block-column is-layout-flow wp-block-column-is-layout-flow\" style=\"padding-left:2rem;flex-basis:25%\"><div class=\"gb-container gb-container-342f6bab\">\n\n<h2 class=\"wp-block-heading\" style=\"font-size:clamp(1.25rem, 1.25rem + ((1vw - 0.2rem) * 0.938), 2rem);font-style:normal;font-weight:300\"><a href=\"https:\/\/businessfotos-hh.de\/en\/editorial-hafen-hamburg\/\">Photo Art<\/a><\/h2>\n\n\n\n<figure class=\"gb-block-image gb-block-image-b97f850d\"><a href=\"https:\/\/businessfotos-hh.de\/en\/editorial-hafen-hamburg\/\"><img loading=\"lazy\" decoding=\"async\" width=\"150\" height=\"150\" class=\"gb-image gb-image-b97f850d\" src=\"https:\/\/businessfotos-hh.de\/wp-content\/uploads\/2025\/01\/hafen-hamburg-foto-9-1-150x150.jpg\" alt=\"\" title=\"Ellerholzschleuse bei Nacht\"\/><\/a><\/figure>\n\n\n\n<p>Harbour<\/p>\n\n<\/div><\/div>\n\n\n\n<div class=\"wp-block-column is-layout-flow wp-block-column-is-layout-flow\" style=\"flex-basis:50%\"><\/div>\n\n\n\n<div class=\"wp-block-column is-layout-flow wp-block-column-is-layout-flow\" style=\"padding-right:2rem;flex-basis:25%\"><div class=\"gb-container gb-container-1b48f141\">\n\n<h2 class=\"wp-block-heading has-text-align-right has-text-color has-link-color wp-elements-eb0d5b8a670a707904b22eba91c43bf8\" style=\"color:#023e8a;font-size:clamp(1.25rem, 1.25rem + ((1vw - 0.2rem) * 0.938), 2rem);font-style:normal;font-weight:300\"><a href=\"https:\/\/businessfotos-hh.de\/en\/businessfoto-hamburg-2\/\">Business Photos<\/a><\/h2>\n\n\n\n<figure class=\"gb-block-image gb-block-image-26dd7855\"><a href=\"https:\/\/businessfotos-hh.de\/en\/businessfotos-hamburg-2\/\"><img loading=\"lazy\" decoding=\"async\" width=\"150\" height=\"150\" class=\"gb-image gb-image-26dd7855\" src=\"https:\/\/businessfotos-hh.de\/wp-content\/uploads\/2024\/05\/businessfoto-hamburg-301-2-150x150.jpg\" alt=\"\" title=\"businessfoto-hamburg-301-2\"\/><\/a><\/figure>\n\n\n\n<p class=\"has-text-align-right\">The business portrait<\/p>\n\n<\/div><\/div>\n<\/div>","protected":false},"excerpt":{"rendered":"<p>\u201eWald | Licht\u201c Fotokunst in der Galerie LUMAS Es sind eindrucksvolle Bilder von nat\u00fcrlicher Sch\u00f6nheit, die der K\u00fcnstler Ralph von Kaufmann in seiner Werkreihe \u201eWald|Licht\u201c einf\u00e4ngt: Horizontlinien l\u00f6sen sich in der endlosen Weite des Meeres auf, zeitweise umh\u00fcllt Nebel die weitl\u00e4ufigen Landschaften und durch die dichten Baumkronen f\u00e4llt diffuses Licht auf die m\u00e4rchenhafte Welt des [&hellip;]<\/p>\n","protected":false},"author":1,"featured_media":633,"parent":0,"menu_order":0,"comment_status":"closed","ping_status":"closed","template":"","meta":{"footnotes":""},"class_list":["post-620","page","type-page","status-publish","has-post-thumbnail","hentry"],"blocksy_meta":{"has_hero_section":"disabled","styles_descriptor":{"styles":{"desktop":"","tablet":"","mobile":""},"google_fonts":[],"version":6}},"_links":{"self":[{"href":"https:\/\/businessfotos-hh.de\/en\/wp-json\/wp\/v2\/pages\/620","targetHints":{"allow":["GET"]}}],"collection":[{"href":"https:\/\/businessfotos-hh.de\/en\/wp-json\/wp\/v2\/pages"}],"about":[{"href":"https:\/\/businessfotos-hh.de\/en\/wp-json\/wp\/v2\/types\/page"}],"author":[{"embeddable":true,"href":"https:\/\/businessfotos-hh.de\/en\/wp-json\/wp\/v2\/users\/1"}],"replies":[{"embeddable":true,"href":"https:\/\/businessfotos-hh.de\/en\/wp-json\/wp\/v2\/comments?post=620"}],"version-history":[{"count":8,"href":"https:\/\/businessfotos-hh.de\/en\/wp-json\/wp\/v2\/pages\/620\/revisions"}],"predecessor-version":[{"id":845,"href":"https:\/\/businessfotos-hh.de\/en\/wp-json\/wp\/v2\/pages\/620\/revisions\/845"}],"wp:featuredmedia":[{"embeddable":true,"href":"https:\/\/businessfotos-hh.de\/en\/wp-json\/wp\/v2\/media\/633"}],"wp:attachment":[{"href":"https:\/\/businessfotos-hh.de\/en\/wp-json\/wp\/v2\/media?parent=620"}],"curies":[{"name":"wp","href":"https:\/\/api.w.org\/{rel}","templated":true}]}}